{"id":276107,"date":"2025-09-25T16:54:38","date_gmt":"2025-09-25T16:54:38","guid":{"rendered":"https:\/\/royalpeacock.agency\/kk\/vf11\/?page_id=276107"},"modified":"2026-01-23T12:13:30","modified_gmt":"2026-01-23T12:13:30","slug":"mokslo-renginiai","status":"publish","type":"page","link":"https:\/\/kaunokolegija.lt\/vf\/mokslo-renginiai\/","title":{"rendered":"Mokslo renginiai"},"content":{"rendered":"\n<div class=\"wp-block-columns top-p is-layout-flex wp-container-core-columns-is-layout-28f84493 wp-block-columns-is-layout-flex\">\n<div class=\"wp-block-column has-global-padding is-layout-constrained wp-container-core-column-is-layout-d0f22c05 wp-block-column-is-layout-constrained\">\n<div class=\"wp-block-columns abcd has-background is-layout-flex wp-container-core-columns-is-layout-28f84493 wp-block-columns-is-layout-flex\" style=\"background-color:#f9f9f9\">\n<div class=\"wp-block-column is-layout-flow wp-block-column-is-layout-flow\" style=\"padding-top:0;padding-right:0;padding-bottom:0;padding-left:0\">\n<p class=\"is-style-justify\" style=\"margin-top:8px;margin-bottom:8px\">Verslo fakultetas kasmet organizuoja tiek nacionalinio, tiek tarptautinio lygmens mokslinius renginius, \u012f kuriuos kvie\u010diami mokslininkai, studentai, verslo atstovai ir vie\u0161ojo sektoriaus partneriai.<\/p>\n<\/div>\n<\/div>\n<\/div>\n<\/div>\n\n\n\n<div class=\"wp-block-columns is-layout-flex wp-container-core-columns-is-layout-28f84493 wp-block-columns-is-layout-flex\">\n<div class=\"wp-block-column is-layout-flow wp-block-column-is-layout-flow\" style=\"flex-basis:100%\">\n<div class=\"wp-block-columns is-layout-flex wp-container-core-columns-is-layout-28f84493 wp-block-columns-is-layout-flex\">\n<div class=\"wp-block-column has-background is-layout-flow wp-block-column-is-layout-flow\" style=\"border-style:none;border-width:0px;border-radius:0px;background-color:#399e97;padding-top:1.2em;padding-bottom:1.2em;flex-basis:100%\">\n<p class=\"has-base-color has-text-color has-link-color has-l-font-size wp-elements-36fd1d62652a50decd0ca1b9aa90e702\" id=\"Apskaitos-ir-finans\u0173-katedra\" style=\"padding-right:3.5rem;padding-left:3.5rem\"><strong><strong><strong>Pagrindiniai mokslo renginiai<\/strong><\/strong><\/strong><\/p>\n<\/div>\n<\/div>\n<\/div>\n<\/div>\n\n\n\n<div class=\"wp-block-columns top-p is-layout-flex wp-container-core-columns-is-layout-9a5e5583 wp-block-columns-is-layout-flex\" style=\"margin-top:var(--wp--preset--spacing--s);margin-bottom:var(--wp--preset--spacing--s)\">\n<div class=\"wp-block-column has-global-padding is-layout-constrained wp-container-core-column-is-layout-d0f22c05 wp-block-column-is-layout-constrained\">\n<div class=\"wp-block-columns abcd has-background is-layout-flex wp-container-core-columns-is-layout-28f84493 wp-block-columns-is-layout-flex\" style=\"background-color:#f9f9f9\">\n<div class=\"wp-block-column is-layout-flow wp-block-column-is-layout-flow\" style=\"padding-top:0;padding-right:0;padding-bottom:0;padding-left:0\">\n<p class=\"is-style-justify\" style=\"margin-top:8px;margin-bottom:8px\"><strong><strong><a href=\"https:\/\/vabsp.kaunokolegija.lt\/\" data-type=\"link\" data-id=\"https:\/\/vabsp.kaunokolegija.lt\/\" target=\"_blank\" rel=\"noreferrer noopener\"><span style=\"text-decoration: underline;\">Student\u0173 mokslin\u0117-praktin\u0117 konferencija \u201eVerslo aktualijos b\u016bsim\u0173j\u0173 specialist\u0173 po\u017ei\u016briu\u201c<\/span><\/a><\/strong><\/strong><\/p>\n\n\n\n<p class=\"is-style-justify\" style=\"margin-top:8px;margin-bottom:8px\">Tai kasmetin\u0117 Verslo fakulteto student\u0173 mokslin\u0117-praktin\u0117 konferencija, skirta jaun\u0173j\u0173 tyr\u0117j\u0173 id\u0117joms, verslo \u012f\u017evalgoms ir praktini\u0173 tyrim\u0173 rezultatams pristatyti. Konferencijos tikslas \u2013 skatinti student\u0173, d\u0117stytoj\u0173 ir verslo \u012fmoni\u0173 atstov\u0173 bendradarbiavim\u0105 atliekant taikomuosius tyrimus bei diskutuojant aktualiais vadybos, ekonomikos, teis\u0117s, komunikacijos ir informacijos mokslo klausimais.<\/p>\n\n\n\n<p class=\"is-style-justify\"><strong><a href=\"https:\/\/businesstechnologyconference.com\/\" data-type=\"link\" data-id=\"https:\/\/businesstechnologyconference.com\/\" target=\"_blank\" rel=\"noreferrer noopener\"><span style=\"text-decoration: underline;\">Tarptautin\u0117 mokslin\u0117 konferencija \u201eBusiness and Technology Conference\u201c<\/span><\/a><\/strong><\/p>\n\n\n\n<p class=\"is-style-justify\" style=\"margin-top:8px;margin-bottom:8px\">Tarptautinio lygio mokslin\u0117 konferencija, organizuojama kartu su partneriais i\u0161 u\u017esienio, skirta inovacij\u0173, skaitmenini\u0173 technologij\u0173, tvarumo, verslo transformacijos ir kit\u0173 \u0161iuolaikini\u0173 i\u0161\u0161\u016bki\u0173 analizei. Renginyje dalyvauja mokslininkai, tyr\u0117jai, d\u0117stytojai ir doktorantai i\u0161 \u012fvairi\u0173 pasaulio \u0161ali\u0173.<\/p>\n\n\n\n<p class=\"is-style-justify has-m-font-size\"><strong><strong>Verslo ir mokslo forumas \u201e\u017diedin\u0117s ekonomikos pl\u0117tra Lietuvoje ir ES\u201c<\/strong><\/strong><\/p>\n\n\n\n<p class=\"is-style-justify\" style=\"margin-top:8px;margin-bottom:8px\">Diskusij\u0173 ir \u012f\u017evalg\u0173 erdv\u0117, skirta analizuoti \u017eiedin\u0117s ekonomikos i\u0161\u0161\u016bkius bei galimybes regioniniu ir tarptautiniu lygmeniu. Forume dalyvauja verslo, akademin\u0117s bendruomen\u0117s, savivaldos ir valstyb\u0117s institucij\u0173 atstovai. Renginys skatina tvari\u0173 sprendim\u0173 \u012fgyvendinim\u0105, remiantis mokslo ir praktikos sinergija.<\/p>\n<\/div>\n<\/div>\n<\/div>\n<\/div>\n","protected":false},"excerpt":{"rendered":"<p>Verslo fakultetas kasmet organizuoja tiek nacionalinio, tiek tarptautinio lygmens mokslinius renginius, \u012f kuriuos kvie\u010diami mokslininkai, studentai, verslo atstovai ir vie\u0161ojo sektoriaus partneriai. Pagrindiniai mokslo renginiai Student\u0173 mokslin\u0117-praktin\u0117 konferencija \u201eVerslo aktualijos b\u016bsim\u0173j\u0173 specialist\u0173&hellip;<\/p>\n","protected":false},"author":1,"featured_media":276700,"parent":0,"menu_order":0,"comment_status":"closed","ping_status":"closed","template":"","meta":{"footnotes":""},"class_list":["post-276107","page","type-page","status-publish","has-post-thumbnail","hentry"],"yoast_head":"<!-- This site is optimized with the Yoast SEO plugin v27.4 - https:\/\/yoast.com\/product\/yoast-seo-wordpress\/ -->\n<title>Mokslo renginiai - Verslo fakultetas<\/title>\n<meta name=\"robots\" content=\"index, follow, max-snippet:-1, max-image-preview:large, max-video-preview:-1\" \/>\n<link rel=\"canonical\" href=\"https:\/\/kaunokolegija.lt\/vf\/mokslo-renginiai\/\" \/>\n<meta property=\"og:locale\" content=\"lt_LT\" \/>\n<meta property=\"og:type\" content=\"article\" \/>\n<meta property=\"og:title\" content=\"Mokslo renginiai - Verslo fakultetas\" \/>\n<meta property=\"og:description\" content=\"Verslo fakultetas kasmet organizuoja tiek nacionalinio, tiek tarptautinio lygmens mokslinius renginius, \u012f kuriuos kvie\u010diami mokslininkai, studentai, verslo atstovai ir vie\u0161ojo sektoriaus partneriai. Pagrindiniai mokslo renginiai Student\u0173 mokslin\u0117-praktin\u0117 konferencija \u201eVerslo aktualijos b\u016bsim\u0173j\u0173 specialist\u0173&hellip;\" \/>\n<meta property=\"og:url\" content=\"https:\/\/kaunokolegija.lt\/vf\/mokslo-renginiai\/\" \/>\n<meta property=\"og:site_name\" content=\"Verslo fakultetas\" \/>\n<meta property=\"article:publisher\" content=\"https:\/\/www.facebook.com\/Kauno.kolegija\/\" \/>\n<meta property=\"article:modified_time\" content=\"2026-01-23T12:13:30+00:00\" \/>\n<meta property=\"og:image\" content=\"https:\/\/kaunokolegija.lt\/vf\/wp-content\/uploads\/sites\/18\/2025\/12\/Kauno_kolegija_konferencija-scaled.webp\" \/>\n\t<meta property=\"og:image:width\" content=\"2560\" \/>\n\t<meta property=\"og:image:height\" content=\"1707\" \/>\n\t<meta property=\"og:image:type\" content=\"image\/webp\" \/>\n<meta name=\"twitter:card\" content=\"summary_large_image\" \/>\n<meta name=\"twitter:label1\" content=\"Est. reading time\" \/>\n\t<meta name=\"twitter:data1\" content=\"1 minut\u0117\" \/>\n<script type=\"application\/ld+json\" class=\"yoast-schema-graph\">{\"@context\":\"https:\\\/\\\/schema.org\",\"@graph\":[{\"@type\":\"WebPage\",\"@id\":\"https:\\\/\\\/kaunokolegija.lt\\\/vf\\\/mokslo-renginiai\\\/\",\"url\":\"https:\\\/\\\/kaunokolegija.lt\\\/vf\\\/mokslo-renginiai\\\/\",\"name\":\"Mokslo renginiai - Verslo fakultetas\",\"isPartOf\":{\"@id\":\"https:\\\/\\\/kaunokolegija.lt\\\/vf\\\/#website\"},\"primaryImageOfPage\":{\"@id\":\"https:\\\/\\\/kaunokolegija.lt\\\/vf\\\/mokslo-renginiai\\\/#primaryimage\"},\"image\":{\"@id\":\"https:\\\/\\\/kaunokolegija.lt\\\/vf\\\/mokslo-renginiai\\\/#primaryimage\"},\"thumbnailUrl\":\"https:\\\/\\\/kaunokolegija.lt\\\/vf\\\/wp-content\\\/uploads\\\/sites\\\/18\\\/2025\\\/12\\\/Kauno_kolegija_konferencija-scaled.webp\",\"datePublished\":\"2025-09-25T16:54:38+00:00\",\"dateModified\":\"2026-01-23T12:13:30+00:00\",\"breadcrumb\":{\"@id\":\"https:\\\/\\\/kaunokolegija.lt\\\/vf\\\/mokslo-renginiai\\\/#breadcrumb\"},\"inLanguage\":\"lt-LT\",\"potentialAction\":[{\"@type\":\"ReadAction\",\"target\":[\"https:\\\/\\\/kaunokolegija.lt\\\/vf\\\/mokslo-renginiai\\\/\"]}]},{\"@type\":\"ImageObject\",\"inLanguage\":\"lt-LT\",\"@id\":\"https:\\\/\\\/kaunokolegija.lt\\\/vf\\\/mokslo-renginiai\\\/#primaryimage\",\"url\":\"https:\\\/\\\/kaunokolegija.lt\\\/vf\\\/wp-content\\\/uploads\\\/sites\\\/18\\\/2025\\\/12\\\/Kauno_kolegija_konferencija-scaled.webp\",\"contentUrl\":\"https:\\\/\\\/kaunokolegija.lt\\\/vf\\\/wp-content\\\/uploads\\\/sites\\\/18\\\/2025\\\/12\\\/Kauno_kolegija_konferencija-scaled.webp\",\"width\":2560,\"height\":1707},{\"@type\":\"BreadcrumbList\",\"@id\":\"https:\\\/\\\/kaunokolegija.lt\\\/vf\\\/mokslo-renginiai\\\/#breadcrumb\",\"itemListElement\":[{\"@type\":\"ListItem\",\"position\":1,\"name\":\"Home\",\"item\":\"https:\\\/\\\/kaunokolegija.lt\\\/vf\\\/\"},{\"@type\":\"ListItem\",\"position\":2,\"name\":\"Mokslo renginiai\"}]},{\"@type\":\"WebSite\",\"@id\":\"https:\\\/\\\/kaunokolegija.lt\\\/vf\\\/#website\",\"url\":\"https:\\\/\\\/kaunokolegija.lt\\\/vf\\\/\",\"name\":\"Verslo fakultetas\",\"description\":\"Kauno kolegija\",\"publisher\":{\"@id\":\"https:\\\/\\\/kaunokolegija.lt\\\/vf\\\/#organization\"},\"potentialAction\":[{\"@type\":\"SearchAction\",\"target\":{\"@type\":\"EntryPoint\",\"urlTemplate\":\"https:\\\/\\\/kaunokolegija.lt\\\/vf\\\/?s={search_term_string}\"},\"query-input\":{\"@type\":\"PropertyValueSpecification\",\"valueRequired\":true,\"valueName\":\"search_term_string\"}}],\"inLanguage\":\"lt-LT\"},{\"@type\":\"Organization\",\"@id\":\"https:\\\/\\\/kaunokolegija.lt\\\/vf\\\/#organization\",\"name\":\"Kauno kolegija\",\"url\":\"https:\\\/\\\/kaunokolegija.lt\\\/vf\\\/\",\"logo\":{\"@type\":\"ImageObject\",\"inLanguage\":\"lt-LT\",\"@id\":\"https:\\\/\\\/kaunokolegija.lt\\\/vf\\\/#\\\/schema\\\/logo\\\/image\\\/\",\"url\":\"https:\\\/\\\/kaunokolegija.lt\\\/vf\\\/wp-content\\\/uploads\\\/sites\\\/18\\\/2026\\\/01\\\/cropped-KK_VF_COLOR.png\",\"contentUrl\":\"https:\\\/\\\/kaunokolegija.lt\\\/vf\\\/wp-content\\\/uploads\\\/sites\\\/18\\\/2026\\\/01\\\/cropped-KK_VF_COLOR.png\",\"width\":2084,\"height\":2084,\"caption\":\"Kauno kolegija\"},\"image\":{\"@id\":\"https:\\\/\\\/kaunokolegija.lt\\\/vf\\\/#\\\/schema\\\/logo\\\/image\\\/\"},\"sameAs\":[\"https:\\\/\\\/www.facebook.com\\\/Kauno.kolegija\\\/\"]}]}<\/script>\n<!-- \/ Yoast SEO plugin. -->","yoast_head_json":{"title":"Mokslo renginiai - Verslo fakultetas","robots":{"index":"index","follow":"follow","max-snippet":"max-snippet:-1","max-image-preview":"max-image-preview:large","max-video-preview":"max-video-preview:-1"},"canonical":"https:\/\/kaunokolegija.lt\/vf\/mokslo-renginiai\/","og_locale":"lt_LT","og_type":"article","og_title":"Mokslo renginiai - Verslo fakultetas","og_description":"Verslo fakultetas kasmet organizuoja tiek nacionalinio, tiek tarptautinio lygmens mokslinius renginius, \u012f kuriuos kvie\u010diami mokslininkai, studentai, verslo atstovai ir vie\u0161ojo sektoriaus partneriai. Pagrindiniai mokslo renginiai Student\u0173 mokslin\u0117-praktin\u0117 konferencija \u201eVerslo aktualijos b\u016bsim\u0173j\u0173 specialist\u0173&hellip;","og_url":"https:\/\/kaunokolegija.lt\/vf\/mokslo-renginiai\/","og_site_name":"Verslo fakultetas","article_publisher":"https:\/\/www.facebook.com\/Kauno.kolegija\/","article_modified_time":"2026-01-23T12:13:30+00:00","og_image":[{"width":2560,"height":1707,"url":"https:\/\/kaunokolegija.lt\/vf\/wp-content\/uploads\/sites\/18\/2025\/12\/Kauno_kolegija_konferencija-scaled.webp","type":"image\/webp"}],"twitter_card":"summary_large_image","twitter_misc":{"Est. reading time":"1 minut\u0117"},"schema":{"@context":"https:\/\/schema.org","@graph":[{"@type":"WebPage","@id":"https:\/\/kaunokolegija.lt\/vf\/mokslo-renginiai\/","url":"https:\/\/kaunokolegija.lt\/vf\/mokslo-renginiai\/","name":"Mokslo renginiai - Verslo fakultetas","isPartOf":{"@id":"https:\/\/kaunokolegija.lt\/vf\/#website"},"primaryImageOfPage":{"@id":"https:\/\/kaunokolegija.lt\/vf\/mokslo-renginiai\/#primaryimage"},"image":{"@id":"https:\/\/kaunokolegija.lt\/vf\/mokslo-renginiai\/#primaryimage"},"thumbnailUrl":"https:\/\/kaunokolegija.lt\/vf\/wp-content\/uploads\/sites\/18\/2025\/12\/Kauno_kolegija_konferencija-scaled.webp","datePublished":"2025-09-25T16:54:38+00:00","dateModified":"2026-01-23T12:13:30+00:00","breadcrumb":{"@id":"https:\/\/kaunokolegija.lt\/vf\/mokslo-renginiai\/#breadcrumb"},"inLanguage":"lt-LT","potentialAction":[{"@type":"ReadAction","target":["https:\/\/kaunokolegija.lt\/vf\/mokslo-renginiai\/"]}]},{"@type":"ImageObject","inLanguage":"lt-LT","@id":"https:\/\/kaunokolegija.lt\/vf\/mokslo-renginiai\/#primaryimage","url":"https:\/\/kaunokolegija.lt\/vf\/wp-content\/uploads\/sites\/18\/2025\/12\/Kauno_kolegija_konferencija-scaled.webp","contentUrl":"https:\/\/kaunokolegija.lt\/vf\/wp-content\/uploads\/sites\/18\/2025\/12\/Kauno_kolegija_konferencija-scaled.webp","width":2560,"height":1707},{"@type":"BreadcrumbList","@id":"https:\/\/kaunokolegija.lt\/vf\/mokslo-renginiai\/#breadcrumb","itemListElement":[{"@type":"ListItem","position":1,"name":"Home","item":"https:\/\/kaunokolegija.lt\/vf\/"},{"@type":"ListItem","position":2,"name":"Mokslo renginiai"}]},{"@type":"WebSite","@id":"https:\/\/kaunokolegija.lt\/vf\/#website","url":"https:\/\/kaunokolegija.lt\/vf\/","name":"Verslo fakultetas","description":"Kauno kolegija","publisher":{"@id":"https:\/\/kaunokolegija.lt\/vf\/#organization"},"potentialAction":[{"@type":"SearchAction","target":{"@type":"EntryPoint","urlTemplate":"https:\/\/kaunokolegija.lt\/vf\/?s={search_term_string}"},"query-input":{"@type":"PropertyValueSpecification","valueRequired":true,"valueName":"search_term_string"}}],"inLanguage":"lt-LT"},{"@type":"Organization","@id":"https:\/\/kaunokolegija.lt\/vf\/#organization","name":"Kauno kolegija","url":"https:\/\/kaunokolegija.lt\/vf\/","logo":{"@type":"ImageObject","inLanguage":"lt-LT","@id":"https:\/\/kaunokolegija.lt\/vf\/#\/schema\/logo\/image\/","url":"https:\/\/kaunokolegija.lt\/vf\/wp-content\/uploads\/sites\/18\/2026\/01\/cropped-KK_VF_COLOR.png","contentUrl":"https:\/\/kaunokolegija.lt\/vf\/wp-content\/uploads\/sites\/18\/2026\/01\/cropped-KK_VF_COLOR.png","width":2084,"height":2084,"caption":"Kauno kolegija"},"image":{"@id":"https:\/\/kaunokolegija.lt\/vf\/#\/schema\/logo\/image\/"},"sameAs":["https:\/\/www.facebook.com\/Kauno.kolegija\/"]}]}},"_links":{"self":[{"href":"https:\/\/kaunokolegija.lt\/vf\/wp-json\/wp\/v2\/pages\/276107","targetHints":{"allow":["GET"]}}],"collection":[{"href":"https:\/\/kaunokolegija.lt\/vf\/wp-json\/wp\/v2\/pages"}],"about":[{"href":"https:\/\/kaunokolegija.lt\/vf\/wp-json\/wp\/v2\/types\/page"}],"author":[{"embeddable":true,"href":"https:\/\/kaunokolegija.lt\/vf\/wp-json\/wp\/v2\/users\/1"}],"replies":[{"embeddable":true,"href":"https:\/\/kaunokolegija.lt\/vf\/wp-json\/wp\/v2\/comments?post=276107"}],"version-history":[{"count":5,"href":"https:\/\/kaunokolegija.lt\/vf\/wp-json\/wp\/v2\/pages\/276107\/revisions"}],"predecessor-version":[{"id":276752,"href":"https:\/\/kaunokolegija.lt\/vf\/wp-json\/wp\/v2\/pages\/276107\/revisions\/276752"}],"wp:featuredmedia":[{"embeddable":true,"href":"https:\/\/kaunokolegija.lt\/vf\/wp-json\/wp\/v2\/media\/276700"}],"wp:attachment":[{"href":"https:\/\/kaunokolegija.lt\/vf\/wp-json\/wp\/v2\/media?parent=276107"}],"curies":[{"name":"wp","href":"https:\/\/api.w.org\/{rel}","templated":true}]}}